{"id":73,"date":"2020-02-24T15:10:43","date_gmt":"2020-02-24T14:10:43","guid":{"rendered":"https:\/\/www.katzenkopf-leutasch.at\/?page_id=73"},"modified":"2026-05-25T14:30:05","modified_gmt":"2026-05-25T12:30:05","slug":"oeffnungszeiten-preise-sommer","status":"publish","type":"page","link":"https:\/\/www.katzenkopf-leutasch.at\/de\/oeffnungszeiten-preise-sommer\/","title":{"rendered":"\u00d6ffnungszeiten und Preise Sommer"},"content":{"rendered":"<div class=\"wpb-content-wrapper\"><p>[vc_row css_animation=&#8220;&#8220; row_type=&#8220;row&#8220; use_row_as_full_screen_section=&#8220;no&#8220; type=&#8220;full_width&#8220; angled_section=&#8220;no&#8220; text_align=&#8220;left&#8220; background_image_as_pattern=&#8220;without_pattern&#8220; z_index=&#8220;&#8220;][vc_column width=&#8220;1\/6&#8243; offset=&#8220;vc_hidden-sm vc_hidden-xs&#8220;][\/vc_column][vc_column width=&#8220;2\/3&#8243; css=&#8220;.vc_custom_1583231988012{margin-top: 20px !important;}&#8220; offset=&#8220;vc_hidden-sm vc_hidden-xs&#8220;][vc_column_text css=&#8220;.vc_custom_1593505103113{margin-top: 50px !important;margin-bottom: 40px !important;margin-left: -120px !important;}&#8220;]<\/p>\n<h1>\u00f6ffnungszeiten &amp; preise<\/h1>\n<p>[\/vc_column_text][vc_column_text css=&#8220;&#8220;]<\/p>\n<div class=\"\"><span class=\"\">Die Sommersaison startet bald! Der 3er-Sessellift, der Shop, die Katzenkopfh\u00fctte, der DiscGolf Parcours, der Bikepark und die Sommerrodelbahn sind ab dem 09.Mai f\u00fcr euch ge\u00f6ffnet. Allerdings nur an den Wochenenden.<br data-start=\"297\" data-end=\"300\" \/><\/span><\/div>\n<div>Ab dem 20. Juni haben wir dann t\u00e4glich f\u00fcr euch ge\u00f6ffnet.<\/div>\n<p>[\/vc_column_text][\/vc_column][vc_column width=&#8220;1\/6&#8243; offset=&#8220;vc_hidden-sm vc_hidden-xs&#8220;][\/vc_column][\/vc_row][vc_row css_animation=&#8220;&#8220; row_type=&#8220;row&#8220; use_row_as_full_screen_section=&#8220;no&#8220; type=&#8220;full_width&#8220; angled_section=&#8220;no&#8220; text_align=&#8220;left&#8220; background_image_as_pattern=&#8220;without_pattern&#8220; z_index=&#8220;&#8220;][vc_column offset=&#8220;vc_hidden-lg vc_hidden-md&#8220;][vc_column_text css=&#8220;.vc_custom_1593505111059{margin-top: 20px !important;margin-bottom: 40px !important;}&#8220;]<\/p>\n<h1>\u00f6ffnungszeiten &amp; preise<\/h1>\n<p>[\/vc_column_text][vc_column_text css=&#8220;&#8220;]<\/p>\n<div class=\"\">\n<div class=\"\"><span class=\"\">Die Sommersaison startet bald! Der 3er-Sessellift, der Shop, die Katzenkopfh\u00fctte, der DiscGolf Parcours, der Bikepark und die Sommerrodelbahn sind ab dem 09.Mai f\u00fcr euch ge\u00f6ffnet. Allerdings nur an den Wochenenden.<br data-start=\"297\" data-end=\"300\" \/><\/span><\/div>\n<div>Ab dem 20. Juni haben wir dann t\u00e4glich f\u00fcr euch ge\u00f6ffnet.<\/div>\n<\/div>\n<p>[\/vc_column_text][\/vc_column][\/vc_row][vc_row css_animation=&#8220;&#8220; row_type=&#8220;row&#8220; use_row_as_full_screen_section=&#8220;no&#8220; type=&#8220;full_width&#8220; angled_section=&#8220;no&#8220; text_align=&#8220;left&#8220; background_image_as_pattern=&#8220;without_pattern&#8220; z_index=&#8220;&#8220;][vc_column width=&#8220;1\/3&#8243; css=&#8220;.vc_custom_1583231963612{margin-top: 80px !important;}&#8220;][vc_column_text css=&#8220;&#8220;]<\/p>\n<h4>Liftanlagen<\/h4>\n<div class=\"\"><span class=\"\">Ab dem 09.Mai f\u00fcr euch ge\u00f6ffnet. Allerdings nur an den Wochenenden.<br data-start=\"297\" data-end=\"300\" \/><\/span><\/div>\n<div>Ab dem 20. Juni t\u00e4glich.<br \/>\n10:00 bis 17:00 Uhr<\/div>\n<div class=\"\">\n<div>\n<div><\/div>\n<div>Bitte immer das Wetter beachten. <span class=\"\">\u00c4nderungen vorbehalten.<\/span><\/div>\n<\/div>\n<\/div>\n<p>[\/vc_column_text][\/vc_column][vc_column width=&#8220;1\/3&#8243; css=&#8220;.vc_custom_1583231896774{margin-top: 80px !important;}&#8220;][vc_column_text css=&#8220;&#8220;]<\/p>\n<h4>Katzenkopfh\u00fctte<\/h4>\n<div>\n<div class=\"\"><span class=\"\">Ab dem 09.Mai f\u00fcr euch ge\u00f6ffnet. Allerdings nur an den Wochenenden.<br data-start=\"297\" data-end=\"300\" \/><\/span><\/div>\n<div>Ab dem 20. Juni t\u00e4glich.<\/div>\n<div class=\"\">\n<div>\n<div>10:00 bis 17:00 Uhr<\/div>\n<div><\/div>\n<\/div>\n<\/div>\n<div class=\"\">\n<div>\n<div class=\"\"><span class=\"\">\u00c4nderungen vorbehalten.<\/span><\/div>\n<div><\/div>\n<\/div>\n<\/div>\n<\/div>\n<p>[\/vc_column_text][\/vc_column][vc_column width=&#8220;1\/3&#8243; css=&#8220;.vc_custom_1623849134329{margin-top: 80px !important;}&#8220;][vc_column_text css=&#8220;&#8220;]<\/p>\n<h4>Bikepark<\/h4>\n<div class=\"\"><span class=\"\">Ab dem 09.Mai f\u00fcr euch ge\u00f6ffnet. Allerdings nur an den Wochenenden.<br data-start=\"297\" data-end=\"300\" \/><\/span><\/div>\n<div>Ab dem 20. Juni t\u00e4glich.<\/div>\n<div class=\"\">\n<div>\n<div><\/div>\n<\/div>\n<\/div>\n<div class=\"\">\n<div class=\"\">\n<div class=\"\">\n<div class=\"\"><span class=\"\"><br class=\"\u201cclear\u201d\" \/><\/span><span class=\"\">Bitte immer das Wetter beachten. <\/span><span class=\"\">\u00c4nderungen vorbehalten.\u00a0<\/span>Der gr\u00fcne, blaue und der rote Trail sind bei halbwegs gutem Wetter ab Mai bis Ende Okt befahrbar. Immer Trailstatus checken.<\/div>\n<\/div>\n<\/div>\n<\/div>\n<p>[\/vc_column_text][\/vc_column][\/vc_row][vc_row css_animation=&#8220;&#8220; row_type=&#8220;row&#8220; use_row_as_full_screen_section=&#8220;no&#8220; type=&#8220;full_width&#8220; angled_section=&#8220;no&#8220; text_align=&#8220;left&#8220; background_image_as_pattern=&#8220;without_pattern&#8220; z_index=&#8220;&#8220;][vc_column width=&#8220;2\/3&#8243; css=&#8220;.vc_custom_1623850563835{margin-top: 80px !important;padding-right: 80px !important;}&#8220; offset=&#8220;vc_hidden-sm vc_hidden-xs&#8220;][vc_column_text]<\/p>\n<h4>Einzelfahrten Sessellift<\/h4>\n<p>[\/vc_column_text][vc_empty_space height=&#8220;30px&#8220;][vc_column_text]\n<table id=\"tablepress-34\" class=\"tablepress tablepress-id-34\">\n<thead>\n<tr class=\"row-1\">\n\t<th class=\"column-1\">Sessellift<\/th><th class=\"column-2\">Erwachsene<\/th><th class=\"column-3\">Jugendliche<\/th><th class=\"column-4\">Kinder<\/th>\n<\/tr>\n<\/thead>\n<tbody>\n<tr class=\"row-2\">\n\t<td class=\"column-1\">Bergfahrt<\/td><td class=\"column-2\">\u20ac 11<\/td><td class=\"column-3\">\u20ac 10<\/td><td class=\"column-4\">\u20ac 8<\/td>\n<\/tr>\n<tr class=\"row-3\">\n\t<td class=\"column-1\">Berg + Bike<\/td><td class=\"column-2\">\u20ac 12,50<\/td><td class=\"column-3\">\u20ac 11,50<\/td><td class=\"column-4\">\u20ac 9,50<\/td>\n<\/tr>\n<tr class=\"row-4\">\n\t<td class=\"column-1\">Talfahrt<\/td><td class=\"column-2\">\u20ac 10<\/td><td class=\"column-3\">\u20ac 9<\/td><td class=\"column-4\">\u20ac 7<\/td>\n<\/tr>\n<tr class=\"row-5\">\n\t<td class=\"column-1\">Berg- und Talfahrt<\/td><td class=\"column-2\">\u20ac 17<\/td><td class=\"column-3\">\u20ac 16<\/td><td class=\"column-4\">\u20ac 10<\/td>\n<\/tr>\n<\/tbody>\n<\/table>\n<!-- #tablepress-34 from cache -->[\/vc_column_text][vc_empty_space height=&#8220;30px&#8220;][vc_empty_space height=&#8220;30px&#8220;][vc_column_text css=&#8220;&#8220;]<\/p>\n<h4>Sommerrodelbahn Wildcat<\/h4>\n<p>[\/vc_column_text][vc_empty_space height=&#8220;30px&#8220;][vc_column_text css=&#8220;&#8220;]\n<table id=\"tablepress-56\" class=\"tablepress tablepress-id-56\">\n<thead>\n<tr class=\"row-1\">\n\t<th class=\"column-1\">Sommerrodelbahn<\/th><th class=\"column-2\">Erwachsene<\/th><th class=\"column-3\">Jugendliche<\/th><th class=\"column-4\">Kinder<\/th>\n<\/tr>\n<\/thead>\n<tbody>\n<tr class=\"row-2\">\n\t<td class=\"column-1\">1x Abfahrt<\/td><td class=\"column-2\">\u20ac 8<\/td><td class=\"column-3\">\u20ac 7<\/td><td class=\"column-4\">\u20ac 6<\/td>\n<\/tr>\n<tr class=\"row-3\">\n\t<td class=\"column-1\">1x Bergfahrt + 1x Abfahrt<\/td><td class=\"column-2\">\u20ac 17<\/td><td class=\"column-3\">\u20ac 16<\/td><td class=\"column-4\">\u20ac 10<\/td>\n<\/tr>\n<tr class=\"row-4\">\n\t<td class=\"column-1\">3x Bergfahrt + 3x Abfahrt<\/td><td class=\"column-2\">\u20ac 36<\/td><td class=\"column-3\">\u20ac 32<\/td><td class=\"column-4\">\u20ac 23<\/td>\n<\/tr>\n<\/tbody>\n<\/table>\n<!-- #tablepress-56 from cache -->[\/vc_column_text][vc_empty_space height=&#8220;30px&#8220;][vc_column_text]<\/p>\n<h4>Stundenkarten Bikepark*<\/h4>\n<p>[\/vc_column_text][vc_empty_space height=&#8220;30px&#8220;][vc_column_text]\n<table id=\"tablepress-23\" class=\"tablepress tablepress-id-23\">\n<thead>\n<tr class=\"row-1\">\n\t<th class=\"column-1\">Stunden<\/th><th class=\"column-2\">Erwachsene<\/th><th class=\"column-3\">Jugendliche<\/th><th class=\"column-4\">Kinder<\/th>\n<\/tr>\n<\/thead>\n<tbody>\n<tr class=\"row-2\">\n\t<td class=\"column-1\">2<\/td><td class=\"column-2\">\u20ac 21<\/td><td class=\"column-3\">\u20ac 16<\/td><td class=\"column-4\">\u20ac 13,50<\/td>\n<\/tr>\n<tr class=\"row-3\">\n\t<td class=\"column-1\">4<\/td><td class=\"column-2\">\u20ac 28,50<\/td><td class=\"column-3\">\u20ac 23,50<\/td><td class=\"column-4\">\u20ac 19,50<\/td>\n<\/tr>\n<\/tbody>\n<\/table>\n<!-- #tablepress-23 from cache -->[\/vc_column_text][vc_empty_space height=&#8220;30px&#8220;][vc_column_text]<\/p>\n<h4>Tageskarten Bikepark*<\/h4>\n<p>[\/vc_column_text][vc_empty_space height=&#8220;30px&#8220;][vc_column_text]\n<table id=\"tablepress-31\" class=\"tablepress tablepress-id-31\">\n<thead>\n<tr class=\"row-1\">\n\t<th class=\"column-1\">Tage<\/th><th class=\"column-2\">Erwachsene<\/th><th class=\"column-3\">Jugendliche<\/th><th class=\"column-4\">Kinder<\/th>\n<\/tr>\n<\/thead>\n<tbody>\n<tr class=\"row-2\">\n\t<td class=\"column-1\">1 Tag<\/td><td class=\"column-2\">\u20ac 39<\/td><td class=\"column-3\">\u20ac 33<\/td><td class=\"column-4\">\u20ac 30,50<\/td>\n<\/tr>\n<tr class=\"row-3\">\n\t<td class=\"column-1\">2 Tage<\/td><td class=\"column-2\">\u20ac 58<\/td><td class=\"column-3\">\u20ac 51,50<\/td><td class=\"column-4\">\u20ac 43<\/td>\n<\/tr>\n<tr class=\"row-4\">\n\t<td class=\"column-1\">3 aus 7 Tage<\/td><td class=\"column-2\">\u20ac 85<\/td><td class=\"column-3\">\u20ac 69,50<\/td><td class=\"column-4\">\u20ac 56<\/td>\n<\/tr>\n<tr class=\"row-5\">\n\t<td class=\"column-1\">1\/2 Tag mit FZT<\/td><td class=\"column-2\">\u20ac 17<\/td><td class=\"column-3\">\u20ac 14<\/td><td class=\"column-4\">\u20ac 12<\/td>\n<\/tr>\n<tr class=\"row-6\">\n\t<td class=\"column-1\">1 Tag mit FZT<\/td><td class=\"column-2\">\u20ac 21<\/td><td class=\"column-3\">\u20ac 18<\/td><td class=\"column-4\">\u20ac 15<\/td>\n<\/tr>\n<\/tbody>\n<\/table>\n<!-- #tablepress-31 from cache -->[\/vc_column_text][vc_empty_space height=&#8220;30px&#8220;][vc_column_text]<\/p>\n<h4>Saisonkarte Bikepark*<\/h4>\n<p>[\/vc_column_text][vc_empty_space height=&#8220;30px&#8220;][vc_column_text]\n<table id=\"tablepress-26\" class=\"tablepress tablepress-id-26\">\n<thead>\n<tr class=\"row-1\">\n\t<th class=\"column-1\">Saisonkarte<\/th><th class=\"column-2\">Erwachsene<\/th><th class=\"column-3\">Jugendliche<\/th><th class=\"column-4\">Kinder<\/th>\n<\/tr>\n<\/thead>\n<tbody>\n<tr class=\"row-2\">\n\t<td class=\"column-1\">Sommer 2026<\/td><td class=\"column-2\">\u20ac 260<\/td><td class=\"column-3\">\u20ac 210<\/td><td class=\"column-4\">\u20ac 185<\/td>\n<\/tr>\n<tr class=\"row-3\">\n\t<td class=\"column-1\">Sommer 2026 mit FZT<\/td><td class=\"column-2\">\u20ac 145<\/td><td class=\"column-3\">\u20ac 115<\/td><td class=\"column-4\">\u20ac 98<\/td>\n<\/tr>\n<\/tbody>\n<\/table>\n<!-- #tablepress-26 from cache -->[\/vc_column_text][vc_empty_space height=&#8220;30px&#8220;][vc_column_text]<\/p>\n<h4>Bikeverleih<\/h4>\n<p>[\/vc_column_text][vc_empty_space height=&#8220;30px&#8220;][vc_column_text]\n<table id=\"tablepress-37\" class=\"tablepress tablepress-id-37\">\n<thead>\n<tr class=\"row-1\">\n\t<th class=\"column-1\">Bikes &amp; Protektoren<\/th><th class=\"column-2\">2 Stunden<\/th><th class=\"column-3\">4 Stunden<\/th><th class=\"column-4\">1 Tag<\/th><th class=\"column-5\">2 Tage<\/th><th class=\"column-6\">3 Tage<\/th>\n<\/tr>\n<\/thead>\n<tbody>\n<tr class=\"row-2\">\n\t<td class=\"column-1\">Downhill Bike 29\"<\/td><td class=\"column-2\">\u20ac 65<\/td><td class=\"column-3\">\u20ac 75<\/td><td class=\"column-4\">\u20ac 90<\/td><td class=\"column-5\">\u20ac 170<\/td><td class=\"column-6\">\u20ac 230<\/td>\n<\/tr>\n<tr class=\"row-3\">\n\t<td class=\"column-1\">Enduro Bike 29\"<\/td><td class=\"column-2\">\u20ac 55<\/td><td class=\"column-3\">\u20ac 65<\/td><td class=\"column-4\">\u20ac 80<\/td><td class=\"column-5\">\u20ac 150<\/td><td class=\"column-6\">\u20ac 200<\/td>\n<\/tr>\n<tr class=\"row-4\">\n\t<td class=\"column-1\">Park Fully 24\"<\/td><td class=\"column-2\">\u20ac 45<\/td><td class=\"column-3\">\u20ac 55<\/td><td class=\"column-4\">\u20ac 70<\/td><td class=\"column-5\">\u20ac 130<\/td><td class=\"column-6\">\u20ac 170<\/td>\n<\/tr>\n<tr class=\"row-5\">\n\t<td class=\"column-1\">Kinder Bike Pumptrack 14\"<\/td><td class=\"column-2\">\u20ac 15<\/td><td class=\"column-3\">\u20ac 18<\/td><td class=\"column-4\">\u20ac 20<\/td><td class=\"column-5\"><\/td><td class=\"column-6\"><\/td>\n<\/tr>\n<tr class=\"row-6\">\n\t<td class=\"column-1\">Kinder Bike Pumptrack 16\"<\/td><td class=\"column-2\">\u20ac 15<\/td><td class=\"column-3\">\u20ac 18<\/td><td class=\"column-4\">\u20ac 20<\/td><td class=\"column-5\"><\/td><td class=\"column-6\"><\/td>\n<\/tr>\n<tr class=\"row-7\">\n\t<td class=\"column-1\">Vollk\u00f6rperprotektoren Set<\/td><td class=\"column-2\">\u20ac 25<\/td><td class=\"column-3\">\u20ac 30<\/td><td class=\"column-4\">\u20ac 35<\/td><td class=\"column-5\">\u20ac 50<\/td><td class=\"column-6\">\u20ac 65<\/td>\n<\/tr>\n<tr class=\"row-8\">\n\t<td class=\"column-1\">Helm<\/td><td class=\"column-2\">\u20ac 10<\/td><td class=\"column-3\">\u20ac 10<\/td><td class=\"column-4\">\u20ac 10<\/td><td class=\"column-5\"><\/td><td class=\"column-6\"><\/td>\n<\/tr>\n<tr class=\"row-9\">\n\t<td class=\"column-1\">Protektor Jacke<\/td><td class=\"column-2\">\u20ac 10<\/td><td class=\"column-3\">\u20ac 10<\/td><td class=\"column-4\">\u20ac 10<\/td><td class=\"column-5\">\u20ac 10<\/td><td class=\"column-6\"><\/td>\n<\/tr>\n<tr class=\"row-10\">\n\t<td class=\"column-1\">Knie- und Ellenbogenschoner<\/td><td class=\"column-2\">\u20ac 10<\/td><td class=\"column-3\">\u20ac 10<\/td><td class=\"column-4\">\u20ac 10<\/td><td class=\"column-5\">\u20ac 10<\/td><td class=\"column-6\"><\/td>\n<\/tr>\n<\/tbody>\n<\/table>\n<!-- #tablepress-37 from cache -->[\/vc_column_text][vc_column_text]<i>Beim Bikeverleih\u00a0<\/i><i>sind die Vollk\u00f6rperprotektoren inkludiert.<\/i>[\/vc_column_text][\/vc_column][vc_column width=&#8220;1\/3&#8243; css=&#8220;.vc_custom_1593502229314{margin-top: 80px !important;}&#8220; offset=&#8220;vc_hidden-sm vc_hidden-xs&#8220;][vc_column_text css=&#8220;&#8220;]<\/p>\n<h4>Informationen<\/h4>\n<p>&nbsp;<\/p>\n<p><em>Im Sommer ist der 3-er Sessellift und das F\u00f6rderband f\u00fcr euch ge\u00f6ffnet.<\/em><\/p>\n<p>&nbsp;<\/p>\n<p>&nbsp;<\/p>\n<p><strong>Freizeitticket Tirol (FZT)<\/strong> \u2013 g\u00fcltig (Aufpreis Bikepark)<br \/>\n<strong>Snowcard Tirol<\/strong> \u2013 im Winter g\u00fcltig<br \/>\n<strong>Special<\/strong>\u00a0<strong>G\u00e4stekarte<\/strong> \u2013 Mit der G\u00e4stekarte der Region Seefeld bekommt Ihr ab 1 Tagen Aufenthalt einmal die Berg- und Talfahrt (ohne Sportger\u00e4te) um -50%<\/p>\n<p><em><br class=\"\u201cclear\u201d\" \/>*\u20ac 4 Kartenpfand pro Ticket<\/em><\/p>\n<p>&nbsp;<\/p>\n<h5>Altersbestimmungen<\/h5>\n<p>&nbsp;<\/p>\n<p><strong>Bambini<\/strong> \u2013 bis 5 Jahre mit Eltern frei<br \/>\n<strong>Kinder<\/strong> \u2013 6 bis 15 Jahre<br \/>\n<strong>Jugendliche<\/strong> \u2013 16 bis 17 Jahre[\/vc_column_text][\/vc_column][vc_column][\/vc_column][vc_column][\/vc_column][vc_column][\/vc_column][\/vc_row][vc_row css_animation=&#8220;&#8220; row_type=&#8220;row&#8220; use_row_as_full_screen_section=&#8220;no&#8220; type=&#8220;full_width&#8220; angled_section=&#8220;no&#8220; text_align=&#8220;left&#8220; background_image_as_pattern=&#8220;without_pattern&#8220; z_index=&#8220;&#8220;][vc_column css=&#8220;.vc_custom_1583166019481{margin-top: 80px !important;}&#8220; offset=&#8220;vc_hidden-lg vc_hidden-md&#8220;][vc_column_text]<\/p>\n<h4>Einzelfahrten Sessellift<\/h4>\n<p>[\/vc_column_text][vc_empty_space height=&#8220;30px&#8220;][vc_column_text]\n<table id=\"tablepress-35\" class=\"tablepress tablepress-id-35\">\n<thead>\n<tr class=\"row-1\">\n\t<th class=\"column-1\">Lift<\/th><th class=\"column-2\">Erw.<\/th><th class=\"column-3\">Jugendl.<\/th>\n<\/tr>\n<\/thead>\n<tbody>\n<tr class=\"row-2\">\n\t<td class=\"column-1\">Bergfahrt<\/td><td class=\"column-2\">\u20ac 11<\/td><td class=\"column-3\">\u20ac 10<\/td>\n<\/tr>\n<tr class=\"row-3\">\n\t<td class=\"column-1\">Berg + Bike<\/td><td class=\"column-2\">\u20ac 12,50<\/td><td class=\"column-3\">\u20ac 11,50<\/td>\n<\/tr>\n<tr class=\"row-4\">\n\t<td class=\"column-1\">Talfahrt<\/td><td class=\"column-2\">\u20ac 10<\/td><td class=\"column-3\">\u20ac 9<\/td>\n<\/tr>\n<tr class=\"row-5\">\n\t<td class=\"column-1\">Berg- und Talfahrt<\/td><td class=\"column-2\">\u20ac 17<\/td><td class=\"column-3\">\u20ac 16<\/td>\n<\/tr>\n<\/tbody>\n<\/table>\n<!-- #tablepress-35 from cache -->[\/vc_column_text][vc_column_text css=&#8220;&#8220;]\n<table id=\"tablepress-36\" class=\"tablepress tablepress-id-36\">\n<thead>\n<tr class=\"row-1\">\n\t<th class=\"column-1\">Lift<\/th><th class=\"column-2\">Kind<\/th>\n<\/tr>\n<\/thead>\n<tbody>\n<tr class=\"row-2\">\n\t<td class=\"column-1\">Bergfahrt<\/td><td class=\"column-2\">\u20ac 8<\/td>\n<\/tr>\n<tr class=\"row-3\">\n\t<td class=\"column-1\">Berg + Bike<\/td><td class=\"column-2\">\u20ac 9,50<\/td>\n<\/tr>\n<tr class=\"row-4\">\n\t<td class=\"column-1\">Talfahrt<\/td><td class=\"column-2\">\u20ac 7<\/td>\n<\/tr>\n<tr class=\"row-5\">\n\t<td class=\"column-1\">Berg- und Talfahrt<\/td><td class=\"column-2\">\u20ac 10<\/td>\n<\/tr>\n<\/tbody>\n<\/table>\n<!-- #tablepress-36 from cache -->[\/vc_column_text][vc_empty_space height=&#8220;30px&#8220;][vc_column_text css=&#8220;&#8220;]<\/p>\n<h4>Sommerrodelbahn Wildcat<\/h4>\n<p>[\/vc_column_text][vc_empty_space height=&#8220;30px&#8220;][vc_column_text css=&#8220;&#8220;]\n<table id=\"tablepress-57\" class=\"tablepress tablepress-id-57\">\n<thead>\n<tr class=\"row-1\">\n\t<th class=\"column-1\">Wildcat<\/th><th class=\"column-2\">Erw.<\/th><th class=\"column-3\">Jugendl.<\/th>\n<\/tr>\n<\/thead>\n<tbody>\n<tr class=\"row-2\">\n\t<td class=\"column-1\">1x Abfahrt<\/td><td class=\"column-2\">\u20ac 8<\/td><td class=\"column-3\">\u20ac 7<\/td>\n<\/tr>\n<tr class=\"row-3\">\n\t<td class=\"column-1\">1x Bergfahrt <br \/>\n+ 1x Abfahrt<\/td><td class=\"column-2\">\u20ac 17<\/td><td class=\"column-3\">\u20ac 16<\/td>\n<\/tr>\n<tr class=\"row-4\">\n\t<td class=\"column-1\">3x Bergfahrt <br \/>\n+ 3x Abfahrt<\/td><td class=\"column-2\">\u20ac 36<\/td><td class=\"column-3\">\u20ac 32<\/td>\n<\/tr>\n<tr class=\"row-5\">\n\t<td class=\"column-1\"><\/td><td class=\"column-2\"><\/td><td class=\"column-3\"><\/td>\n<\/tr>\n<\/tbody>\n<\/table>\n<!-- #tablepress-57 from cache -->[\/vc_column_text][vc_column_text css=&#8220;&#8220;]\n<table id=\"tablepress-58\" class=\"tablepress tablepress-id-58\">\n<thead>\n<tr class=\"row-1\">\n\t<th class=\"column-1\">Wildcat<\/th><th class=\"column-2\">Kind<\/th>\n<\/tr>\n<\/thead>\n<tbody>\n<tr class=\"row-2\">\n\t<td class=\"column-1\">1x Abfahrt<\/td><td class=\"column-2\">\u20ac 6<\/td>\n<\/tr>\n<tr class=\"row-3\">\n\t<td class=\"column-1\">1x Bergfahrt <br \/>\n+ 1x Abfahrt<\/td><td class=\"column-2\">\u20ac 10<\/td>\n<\/tr>\n<tr class=\"row-4\">\n\t<td class=\"column-1\">3x Bergfahrt <br \/>\n+ 3x Abfahrt<\/td><td class=\"column-2\">\u20ac 23<\/td>\n<\/tr>\n<tr class=\"row-5\">\n\t<td class=\"column-1\"><\/td><td class=\"column-2\"><\/td>\n<\/tr>\n<\/tbody>\n<\/table>\n<!-- #tablepress-58 from cache -->[\/vc_column_text][vc_empty_space height=&#8220;30px&#8220;][vc_column_text]<\/p>\n<h4>Stundekarten Bikepark*<\/h4>\n<p>[\/vc_column_text][vc_empty_space height=&#8220;30px&#8220;][vc_column_text]\n<table id=\"tablepress-24\" class=\"tablepress tablepress-id-24\">\n<thead>\n<tr class=\"row-1\">\n\t<th class=\"column-1\">Stunden<\/th><th class=\"column-2\">Erw.<\/th><th class=\"column-3\">Jugendl.<\/th>\n<\/tr>\n<\/thead>\n<tbody>\n<tr class=\"row-2\">\n\t<td class=\"column-1\">2<\/td><td class=\"column-2\">\u20ac 21<\/td><td class=\"column-3\">\u20ac 16<\/td>\n<\/tr>\n<tr class=\"row-3\">\n\t<td class=\"column-1\">4<\/td><td class=\"column-2\">\u20ac 28,50<\/td><td class=\"column-3\">\u20ac 23,50<\/td>\n<\/tr>\n<\/tbody>\n<\/table>\n<!-- #tablepress-24 from cache -->[\/vc_column_text][vc_column_text css=&#8220;&#8220;]\n<table id=\"tablepress-25\" class=\"tablepress tablepress-id-25\">\n<thead>\n<tr class=\"row-1\">\n\t<th class=\"column-1\">Stunden<\/th><th class=\"column-2\">Kind<\/th>\n<\/tr>\n<\/thead>\n<tbody>\n<tr class=\"row-2\">\n\t<td class=\"column-1\">2<\/td><td class=\"column-2\">\u20ac 13,50<\/td>\n<\/tr>\n<tr class=\"row-3\">\n\t<td class=\"column-1\">4<\/td><td class=\"column-2\">\u20ac 19,50<\/td>\n<\/tr>\n<\/tbody>\n<\/table>\n<!-- #tablepress-25 from cache -->[\/vc_column_text][vc_empty_space height=&#8220;30px&#8220;][vc_empty_space height=&#8220;30px&#8220;][vc_column_text]<\/p>\n<h4>Tageskarten Bikepark*<\/h4>\n<p>[\/vc_column_text][vc_empty_space height=&#8220;30px&#8220;][vc_column_text]\n<table id=\"tablepress-32\" class=\"tablepress tablepress-id-32\">\n<thead>\n<tr class=\"row-1\">\n\t<th class=\"column-1\">Tage<\/th><th class=\"column-2\">Erw.<\/th><th class=\"column-3\">Jugendl.<\/th>\n<\/tr>\n<\/thead>\n<tbody>\n<tr class=\"row-2\">\n\t<td class=\"column-1\">1<\/td><td class=\"column-2\">\u20ac 39<\/td><td class=\"column-3\">\u20ac 33<\/td>\n<\/tr>\n<tr class=\"row-3\">\n\t<td class=\"column-1\">2<\/td><td class=\"column-2\">\u20ac 58<\/td><td class=\"column-3\">\u20ac 51,50<\/td>\n<\/tr>\n<tr class=\"row-4\">\n\t<td class=\"column-1\">3 aus 7 <\/td><td class=\"column-2\">\u20ac 85<\/td><td class=\"column-3\">\u20ac 69,50<\/td>\n<\/tr>\n<tr class=\"row-5\">\n\t<td class=\"column-1\">1\/2 Tag mit FZT<\/td><td class=\"column-2\">\u20ac 17<\/td><td class=\"column-3\">\u20ac 14<\/td>\n<\/tr>\n<tr class=\"row-6\">\n\t<td class=\"column-1\">1 Tag mit FZT<\/td><td class=\"column-2\">\u20ac 21<\/td><td class=\"column-3\">\u20ac 18<\/td>\n<\/tr>\n<\/tbody>\n<\/table>\n<!-- #tablepress-32 from cache -->[\/vc_column_text][vc_column_text css=&#8220;&#8220;]\n<table id=\"tablepress-33\" class=\"tablepress tablepress-id-33\">\n<thead>\n<tr class=\"row-1\">\n\t<th class=\"column-1\">Tage<\/th><th class=\"column-2\">Kind<\/th>\n<\/tr>\n<\/thead>\n<tbody>\n<tr class=\"row-2\">\n\t<td class=\"column-1\">1<\/td><td class=\"column-2\">\u20ac 30,50<\/td>\n<\/tr>\n<tr class=\"row-3\">\n\t<td class=\"column-1\">2<\/td><td class=\"column-2\">\u20ac 43<\/td>\n<\/tr>\n<tr class=\"row-4\">\n\t<td class=\"column-1\">3 aus 7<\/td><td class=\"column-2\">\u20ac 56<\/td>\n<\/tr>\n<tr class=\"row-5\">\n\t<td class=\"column-1\">1\/2 Tag mit FZT<\/td><td class=\"column-2\">\u20ac 12<\/td>\n<\/tr>\n<tr class=\"row-6\">\n\t<td class=\"column-1\">1 Tag mit FZT<\/td><td class=\"column-2\">\u20ac 15<\/td>\n<\/tr>\n<\/tbody>\n<\/table>\n<!-- #tablepress-33 from cache -->[\/vc_column_text][vc_empty_space height=&#8220;30px&#8220;][vc_column_text]<\/p>\n<h4>Saisonkarte Bikepark*<\/h4>\n<p>[\/vc_column_text][vc_empty_space height=&#8220;30px&#8220;][vc_column_text]\n<table id=\"tablepress-29\" class=\"tablepress tablepress-id-29\">\n<thead>\n<tr class=\"row-1\">\n\t<th class=\"column-1\">Bikepark<\/th><th class=\"column-2\">Erw.<\/th><th class=\"column-3\">Jugendl.<\/th>\n<\/tr>\n<\/thead>\n<tbody>\n<tr class=\"row-2\">\n\t<td class=\"column-1\">Sommer 2025<\/td><td class=\"column-2\">\u20ac 260<\/td><td class=\"column-3\">\u20ac 210<\/td>\n<\/tr>\n<tr class=\"row-3\">\n\t<td class=\"column-1\">Sommer '25 mit FZT<\/td><td class=\"column-2\">\u20ac 145<\/td><td class=\"column-3\">\u20ac 115<\/td>\n<\/tr>\n<\/tbody>\n<\/table>\n<!-- #tablepress-29 from cache -->[\/vc_column_text][vc_column_text css=&#8220;&#8220;]\n<table id=\"tablepress-30\" class=\"tablepress tablepress-id-30\">\n<thead>\n<tr class=\"row-1\">\n\t<th class=\"column-1\">Wildcat<\/th><th class=\"column-2\">Kind<\/th>\n<\/tr>\n<\/thead>\n<tbody>\n<tr class=\"row-2\">\n\t<td class=\"column-1\">Sommer 2025<\/td><td class=\"column-2\">\u20ac 185<\/td>\n<\/tr>\n<tr class=\"row-3\">\n\t<td class=\"column-1\">Sommer '25 mit FZT<\/td><td class=\"column-2\">\u20ac 98<\/td>\n<\/tr>\n<\/tbody>\n<\/table>\n<!-- #tablepress-30 from cache -->[\/vc_column_text][vc_empty_space height=&#8220;30px&#8220;][vc_empty_space height=&#8220;30px&#8220;][vc_column_text]<\/p>\n<h4>Bikeverleih<\/h4>\n<p>[\/vc_column_text][vc_empty_space height=&#8220;30px&#8220;][vc_column_text]\n<table id=\"tablepress-39\" class=\"tablepress tablepress-id-39\">\n<thead>\n<tr class=\"row-1\">\n\t<th class=\"column-1\">Bikes &amp; Protektoren<\/th><th class=\"column-2\">2 Std.<\/th><th class=\"column-3\">4 Std.<\/th>\n<\/tr>\n<\/thead>\n<tbody>\n<tr class=\"row-2\">\n\t<td class=\"column-1\">Downhill Bike 29\"<\/td><td class=\"column-2\">\u20ac 65<\/td><td class=\"column-3\">\u20ac 75<\/td>\n<\/tr>\n<tr class=\"row-3\">\n\t<td class=\"column-1\">Enduro Bike 29\"<\/td><td class=\"column-2\">\u20ac 55<\/td><td class=\"column-3\">\u20ac 65<\/td>\n<\/tr>\n<tr class=\"row-4\">\n\t<td class=\"column-1\">Park Fully 24\"<\/td><td class=\"column-2\">\u20ac 45<\/td><td class=\"column-3\">\u20ac 55<\/td>\n<\/tr>\n<tr class=\"row-5\">\n\t<td class=\"column-1\">Kinder Bike Pumptrack 14\"<\/td><td class=\"column-2\">\u20ac 15<\/td><td class=\"column-3\">\u20ac 18<\/td>\n<\/tr>\n<tr class=\"row-6\">\n\t<td class=\"column-1\">Kinder Bike Pumptrack 16\"<\/td><td class=\"column-2\">\u20ac 15<\/td><td class=\"column-3\">\u20ac 18<\/td>\n<\/tr>\n<tr class=\"row-7\">\n\t<td class=\"column-1\">Protektoren Set<\/td><td class=\"column-2\">\u20ac 25<\/td><td class=\"column-3\">\u20ac 30<\/td>\n<\/tr>\n<tr class=\"row-8\">\n\t<td class=\"column-1\">Helm<\/td><td class=\"column-2\">\u20ac 10<\/td><td class=\"column-3\">\u20ac 10<\/td>\n<\/tr>\n<tr class=\"row-9\">\n\t<td class=\"column-1\">Protektor Jacke<\/td><td class=\"column-2\">\u20ac 10<\/td><td class=\"column-3\">\u20ac 10<\/td>\n<\/tr>\n<tr class=\"row-10\">\n\t<td class=\"column-1\">Knie- und Ellenbogen<\/td><td class=\"column-2\">\u20ac 10<\/td><td class=\"column-3\">\u20ac 10<\/td>\n<\/tr>\n<\/tbody>\n<\/table>\n<!-- #tablepress-39 from cache -->[\/vc_column_text][vc_column_text css=&#8220;&#8220;][table \u201c40\u201d not found \/]<br \/>\n[\/vc_column_text][vc_empty_space height=&#8220;30px&#8220;][vc_column_text]<i>Beim Bikeverleih\u00a0<\/i><i>sind die Vollk\u00f6rperprotektoren inkludiert.<\/i>[\/vc_column_text][vc_empty_space height=&#8220;30px&#8220;][vc_column_text css=&#8220;&#8220;]<\/p>\n<h4>Informationen<\/h4>\n<p>&nbsp;<\/p>\n<p><em>Im Sommer ist der 3-er Sessellift und das F\u00f6rderband f\u00fcr euch ge\u00f6ffnet.\u00a0<\/em><\/p>\n<p>&nbsp;<\/p>\n<p>&nbsp;<\/p>\n<p><strong>Freizeitticket Tirol (FZT)<\/strong> \u2013 g\u00fcltig (Aufpreis Bikepark)<br \/>\n<strong>Snowcard Tirol<\/strong> \u2013 im Winter g\u00fcltig<br \/>\n<strong>Special<\/strong>\u00a0<strong>G\u00e4stekarte<\/strong> \u2013 Mit der G\u00e4stekarte der Region Seefeld bekommt Ihr pro Aufenthalt einmal die Berg- und Talfahrt (ohne Sportger\u00e4te) um -50%<\/p>\n<p>&nbsp;<\/p>\n<p><em>*\u20ac 4 Kartenpfand pro Ticket!<\/em><\/p>\n<p>&nbsp;<\/p>\n<h5>Altersbestimmungen<\/h5>\n<p>&nbsp;<\/p>\n<p><strong>Bambini<\/strong> \u2013 bis 5 Jahre mit Eltern frei<br \/>\n<strong>Kinder<\/strong> \u2013 6 bis 15 Jahre<br \/>\n<strong>Jugendliche<\/strong> \u2013 16 bis 17 Jahre[\/vc_column_text][\/vc_column][\/vc_row]<\/p>\n<\/div>","protected":false},"excerpt":{"rendered":"<p>[vc_row css_animation=&#8220;&#8220; row_type=&#8220;row&#8220; use_row_as_full_screen_section=&#8220;no&#8220; type=&#8220;full_width&#8220; angled_section=&#8220;no&#8220; text_align=&#8220;left&#8220; background_image_as_pattern=&#8220;without_pattern&#8220; z_index=&#8220;&#8220;][vc_column width=&#8220;1\/6&#8243; offset=&#8220;vc_hidden-sm vc_hidden-xs&#8220;][\/vc_column][vc_column width=&#8220;2\/3&#8243; css=&#8220;.vc_custom_1583231988012{margin-top: 20px !important;}&#8220; offset=&#8220;vc_hidden-sm vc_hidden-xs&#8220;][vc_column_text css=&#8220;.vc_custom_1593505103113{margin-top: 50px !important;margin-bottom: 40px !important;margin-left: -120px !important;}&#8220;] \u00f6ffnungszeiten &amp; preise [\/vc_column_text][vc_column_text css=&#8220;&#8220;] Die Sommersaison startet bald! Der 3er-Sessellift, der Shop, die Katzenkopfh\u00fctte, der DiscGolf Parcours, der Bikepark&#8230;<\/p>\n","protected":false},"author":1,"featured_media":0,"parent":0,"menu_order":0,"comment_status":"closed","ping_status":"closed","template":"","meta":{"footnotes":""},"class_list":["post-73","page","type-page","status-publish","hentry"],"yoast_head":"<!-- This site is optimized with the Yoast SEO plugin v28.1 - https:\/\/yoast.com\/product\/yoast-seo-wordpress\/ -->\n<title>\u00d6ffnungszeiten und Preise am Katzenkopf Leutasch<\/title>\n<meta name=\"description\" content=\"\u00d6ffnungszeiten und Preise \u2013 unsere Sommersaison beginnt am 18. Juni 2021. Nach einer kurzen Pause geht es mit unserer Wintersaison weiter.\" \/>\n<meta name=\"robots\" content=\"index, follow, max-snippet:-1, max-image-preview:large, max-video-preview:-1\" \/>\n<link rel=\"canonical\" href=\"https:\/\/www.katzenkopf-leutasch.at\/de\/oeffnungszeiten-preise-sommer\/\" \/>\n<meta property=\"og:locale\" content=\"de_DE\" \/>\n<meta property=\"og:type\" content=\"article\" \/>\n<meta property=\"og:title\" content=\"\u00d6ffnungszeiten und Preise am Katzenkopf Leutasch\" \/>\n<meta property=\"og:description\" content=\"\u00d6ffnungszeiten und Preise \u2013 unsere Sommersaison beginnt am 18. Juni 2021. Nach einer kurzen Pause geht es mit unserer Wintersaison weiter.\" \/>\n<meta property=\"og:url\" content=\"https:\/\/www.katzenkopf-leutasch.at\/de\/oeffnungszeiten-preise-sommer\/\" \/>\n<meta property=\"og:site_name\" content=\"Katzenkopf Leutasch\" \/>\n<meta property=\"article:modified_time\" content=\"2026-05-25T12:30:05+00:00\" \/>\n<meta name=\"twitter:card\" content=\"summary_large_image\" \/>\n<meta name=\"twitter:label1\" content=\"Gesch\u00e4tzte Lesezeit\" \/>\n\t<meta name=\"twitter:data1\" content=\"4\u00a0Minuten\" \/>\n<script type=\"application\/ld+json\" class=\"yoast-schema-graph\">{\"@context\":\"https:\\\/\\\/schema.org\",\"@graph\":[{\"@type\":\"WebPage\",\"@id\":\"https:\\\/\\\/www.katzenkopf-leutasch.at\\\/de\\\/oeffnungszeiten-preise-sommer\\\/\",\"url\":\"https:\\\/\\\/www.katzenkopf-leutasch.at\\\/de\\\/oeffnungszeiten-preise-sommer\\\/\",\"name\":\"\u00d6ffnungszeiten und Preise am Katzenkopf Leutasch\",\"isPartOf\":{\"@id\":\"https:\\\/\\\/www.katzenkopf-leutasch.at\\\/de\\\/#website\"},\"datePublished\":\"2020-02-24T14:10:43+00:00\",\"dateModified\":\"2026-05-25T12:30:05+00:00\",\"description\":\"\u00d6ffnungszeiten und Preise \u2013 unsere Sommersaison beginnt am 18. Juni 2021. Nach einer kurzen Pause geht es mit unserer Wintersaison weiter.\",\"breadcrumb\":{\"@id\":\"https:\\\/\\\/www.katzenkopf-leutasch.at\\\/de\\\/oeffnungszeiten-preise-sommer\\\/#breadcrumb\"},\"inLanguage\":\"de\",\"potentialAction\":[{\"@type\":\"ReadAction\",\"target\":[\"https:\\\/\\\/www.katzenkopf-leutasch.at\\\/de\\\/oeffnungszeiten-preise-sommer\\\/\"]}]},{\"@type\":\"BreadcrumbList\",\"@id\":\"https:\\\/\\\/www.katzenkopf-leutasch.at\\\/de\\\/oeffnungszeiten-preise-sommer\\\/#breadcrumb\",\"itemListElement\":[{\"@type\":\"ListItem\",\"position\":1,\"name\":\"Startseite\",\"item\":\"https:\\\/\\\/www.katzenkopf-leutasch.at\\\/de\\\/\"},{\"@type\":\"ListItem\",\"position\":2,\"name\":\"\u00d6ffnungszeiten und Preise Sommer\"}]},{\"@type\":\"WebSite\",\"@id\":\"https:\\\/\\\/www.katzenkopf-leutasch.at\\\/de\\\/#website\",\"url\":\"https:\\\/\\\/www.katzenkopf-leutasch.at\\\/de\\\/\",\"name\":\"Katzenkopf Leutasch\",\"description\":\"So viel Tirol\",\"potentialAction\":[{\"@type\":\"SearchAction\",\"target\":{\"@type\":\"EntryPoint\",\"urlTemplate\":\"https:\\\/\\\/www.katzenkopf-leutasch.at\\\/de\\\/?s={search_term_string}\"},\"query-input\":{\"@type\":\"PropertyValueSpecification\",\"valueRequired\":true,\"valueName\":\"search_term_string\"}}],\"inLanguage\":\"de\"}]}<\/script>\n<!-- \/ Yoast SEO plugin. -->","yoast_head_json":{"title":"\u00d6ffnungszeiten und Preise am Katzenkopf Leutasch","description":"\u00d6ffnungszeiten und Preise \u2013 unsere Sommersaison beginnt am 18. Juni 2021. Nach einer kurzen Pause geht es mit unserer Wintersaison weiter.","robots":{"index":"index","follow":"follow","max-snippet":"max-snippet:-1","max-image-preview":"max-image-preview:large","max-video-preview":"max-video-preview:-1"},"canonical":"https:\/\/www.katzenkopf-leutasch.at\/de\/oeffnungszeiten-preise-sommer\/","og_locale":"de_DE","og_type":"article","og_title":"\u00d6ffnungszeiten und Preise am Katzenkopf Leutasch","og_description":"\u00d6ffnungszeiten und Preise \u2013 unsere Sommersaison beginnt am 18. Juni 2021. Nach einer kurzen Pause geht es mit unserer Wintersaison weiter.","og_url":"https:\/\/www.katzenkopf-leutasch.at\/de\/oeffnungszeiten-preise-sommer\/","og_site_name":"Katzenkopf Leutasch","article_modified_time":"2026-05-25T12:30:05+00:00","twitter_card":"summary_large_image","twitter_misc":{"Gesch\u00e4tzte Lesezeit":"4\u00a0Minuten"},"schema":{"@context":"https:\/\/schema.org","@graph":[{"@type":"WebPage","@id":"https:\/\/www.katzenkopf-leutasch.at\/de\/oeffnungszeiten-preise-sommer\/","url":"https:\/\/www.katzenkopf-leutasch.at\/de\/oeffnungszeiten-preise-sommer\/","name":"\u00d6ffnungszeiten und Preise am Katzenkopf Leutasch","isPartOf":{"@id":"https:\/\/www.katzenkopf-leutasch.at\/de\/#website"},"datePublished":"2020-02-24T14:10:43+00:00","dateModified":"2026-05-25T12:30:05+00:00","description":"\u00d6ffnungszeiten und Preise \u2013 unsere Sommersaison beginnt am 18. Juni 2021. Nach einer kurzen Pause geht es mit unserer Wintersaison weiter.","breadcrumb":{"@id":"https:\/\/www.katzenkopf-leutasch.at\/de\/oeffnungszeiten-preise-sommer\/#breadcrumb"},"inLanguage":"de","potentialAction":[{"@type":"ReadAction","target":["https:\/\/www.katzenkopf-leutasch.at\/de\/oeffnungszeiten-preise-sommer\/"]}]},{"@type":"BreadcrumbList","@id":"https:\/\/www.katzenkopf-leutasch.at\/de\/oeffnungszeiten-preise-sommer\/#breadcrumb","itemListElement":[{"@type":"ListItem","position":1,"name":"Startseite","item":"https:\/\/www.katzenkopf-leutasch.at\/de\/"},{"@type":"ListItem","position":2,"name":"\u00d6ffnungszeiten und Preise Sommer"}]},{"@type":"WebSite","@id":"https:\/\/www.katzenkopf-leutasch.at\/de\/#website","url":"https:\/\/www.katzenkopf-leutasch.at\/de\/","name":"Katzenkopf Leutasch","description":"So viel Tirol","potentialAction":[{"@type":"SearchAction","target":{"@type":"EntryPoint","urlTemplate":"https:\/\/www.katzenkopf-leutasch.at\/de\/?s={search_term_string}"},"query-input":{"@type":"PropertyValueSpecification","valueRequired":true,"valueName":"search_term_string"}}],"inLanguage":"de"}]}},"_links":{"self":[{"href":"https:\/\/www.katzenkopf-leutasch.at\/de\/wp-json\/wp\/v2\/pages\/73","targetHints":{"allow":["GET"]}}],"collection":[{"href":"https:\/\/www.katzenkopf-leutasch.at\/de\/wp-json\/wp\/v2\/pages"}],"about":[{"href":"https:\/\/www.katzenkopf-leutasch.at\/de\/wp-json\/wp\/v2\/types\/page"}],"author":[{"embeddable":true,"href":"https:\/\/www.katzenkopf-leutasch.at\/de\/wp-json\/wp\/v2\/users\/1"}],"replies":[{"embeddable":true,"href":"https:\/\/www.katzenkopf-leutasch.at\/de\/wp-json\/wp\/v2\/comments?post=73"}],"version-history":[{"count":163,"href":"https:\/\/www.katzenkopf-leutasch.at\/de\/wp-json\/wp\/v2\/pages\/73\/revisions"}],"predecessor-version":[{"id":4191,"href":"https:\/\/www.katzenkopf-leutasch.at\/de\/wp-json\/wp\/v2\/pages\/73\/revisions\/4191"}],"wp:attachment":[{"href":"https:\/\/www.katzenkopf-leutasch.at\/de\/wp-json\/wp\/v2\/media?parent=73"}],"curies":[{"name":"wp","href":"https:\/\/api.w.org\/{rel}","templated":true}]}}